{"id":490,"date":"2018-03-06T14:43:51","date_gmt":"2018-03-06T13:43:51","guid":{"rendered":"http:\/\/www.ptfos.unios.hr\/isc_green\/?page_id=490"},"modified":"2022-09-02T16:30:07","modified_gmt":"2022-09-02T14:30:07","slug":"organizacijski-odbor","status":"publish","type":"page","link":"https:\/\/www.ptfos.unios.hr\/isc_green\/index.php\/organizacijski-odbor\/","title":{"rendered":"Odbori"},"content":{"rendered":"<p style=\"text-align: center;\"><span style=\"font-size: 18pt; font-family: arial, helvetica, sans-serif;\"><strong>Organizacijski odbor<\/strong><\/span><\/p>\n<p style=\"margin: 0cm; margin-bottom: .0001pt; text-align: justify; line-height: 150%;\"><span style=\"font-size: 14pt; line-height: 150%; font-family: arial, helvetica, sans-serif;\">Mirna Habuda-Stani\u0107 (predsjednica, HR), Hrvoje Ajman (HR), Meri\u00e7 Albay (TR), Jurislav Babi\u0107 (HR), Jakov Baleta (HR), Ivo Ba\u0161i\u0107 (HR), Sabina Begi\u0107 (BiH), Tomislav Bogdanovi\u0107 (HR), Irella Bogut (HR), Valentina Bu\u0161i\u0107 (HR), Amra Bratov\u010di\u0107 (BiH), Bruno Cvetkovi\u0107 (HR), Denis \u0106osi\u0107 (HR), Iva Dimitrievska (MK), Sa\u0161a Do\u0161en (HR), Verica Dragovic-Uzelac (HR), Ana \u0110ani\u0107 \u010ceko (HR), Bojan \u0110urin (HR), Maja Ergovi\u0107 Ravan\u010di\u0107 (HR), Tihomir Florijan\u010di\u0107 (HR), Anita Galir Balki\u0107 (HR), Dajana Ga\u0161o-Soka\u010d (HR), Ana Gavrilovi\u0107 (HR), Sanja Gongeta (HR), Lovorka Gotal Dmitrovi\u0107 (HR), Kre\u0161imir Grilec (HR), Vlado Guberac (HR), Ivana Grgi\u0107 (HR), Jasmina Ibrahimpa\u0161i\u0107 (HR), Sanja Kalambura (HR), Ivan Keli\u0107 (HR), Tihomir Kova\u010d (HR), Dragan Kova\u010devi\u0107 (HR), Dajana Ku\u010di\u0107 Grgi\u0107 (HR), Anita Lali\u0107 (BiH), Ivana Lau\u0161 (HR), Hrvoje Lepedu\u0161 (HR), Jelena Lon\u010dar (HR), Dra\u017een Lu\u0161i\u0107 (HR), Snje\u017eana Majstorovi\u0107 (HR), Tihana Mar\u010dek (HR), Helga Medi\u0107 (HR), Martina Medvidovi\u0107-Kosanovi\u0107 (HR), \u017deljka Miokovi\u0107 (HR), Ana Mojsovi\u0107 \u0106ui\u0107 (HR), Marina Poje Sovilj (HR), Mirna Sabljar (HR), Nikola Saka\u010d (HR), Eldina Smje\u010danin (BiH), Ana Stupin (HR), Martina \u0160rajer Gajdo\u0161ik (HR), Aysegul Pala (TR), Arzija Pa\u0161ali\u0107 (BiH), Ivana Pavasovi\u0107 (HR), Brigita Popovi\u0107 (HR), Ante Prki\u0107 (HR), Vlatko Ro\u017eac (HR), Martina Smoli\u0107 (HR), Darja Sokoli\u0107 (HR), Marina \u0160anti\u0107 (HR), Mario \u0160iljeg (HR), Ivana Tomac (HR), Nata\u0161a Turi\u0107 (HR), \u0160ime Uki\u0107 (HR), Damir Varevac (HR), Ana Vukeli\u0107 (HR), Marija Vukovi\u0107 Domanovac (HR), Suzana Vuleti\u0107 (HR), Krunoslav Zmai\u0107 (HR)<\/span><\/p>\n<p><span style=\"background-color: #ffffff;\">.<\/span><\/p>\n<p><span style=\"background-color: #ffffff;\">.<\/span><\/p>\n<p style=\"margin: 0cm 0cm 0.0001pt; line-height: 150%; text-align: center;\"><span style=\"font-size: 18pt; font-family: arial, helvetica, sans-serif;\"><strong>Znanstveni odbor<\/strong><\/span><\/p>\n<p style=\"margin: 0cm; margin-bottom: .0001pt; text-align: justify; line-height: 150%;\"><span style=\"font-size: 14.0pt; line-height: 150%; font-family: 'Arial',sans-serif;\">\u00a0<\/span><\/p>\n<p style=\"margin: 0cm; margin-bottom: .0001pt; text-align: justify; line-height: 150%;\"><span style=\"font-size: 14.0pt; line-height: 150%; font-family: 'Arial',sans-serif;\">Mirna Habuda-Stani\u0107 (predsjednica, HR), Hrvoje Ajman <span style=\"font-size: 14pt; line-height: 150%; font-family: arial, helvetica, sans-serif;\">(HR),<\/span> Boris Antunovi\u0107 <span style=\"font-size: 14pt; line-height: 150%; font-family: arial, helvetica, sans-serif;\">(HR),<\/span> Jakov Baleta <span style=\"font-size: 14pt; line-height: 150%; font-family: arial, helvetica, sans-serif;\">(HR)<\/span>, Sabina Begi\u0107 (BiH), Valentina Bu\u0161i\u0107 <span style=\"font-size: 14pt; line-height: 150%; font-family: arial, helvetica, sans-serif;\">(HR)<\/span>, Amra Bratov\u010di\u0107, Dario Brdari\u0107 <span style=\"font-size: 14pt; line-height: 150%; font-family: arial, helvetica, sans-serif;\">(HR)<\/span>, Bruno Cvetkovi\u0107 <span style=\"font-size: 14pt; line-height: 150%; font-family: arial, helvetica, sans-serif;\">(HR)<\/span>, Mirjana \u010curlin <span style=\"font-size: 14pt; line-height: 150%; font-family: arial, helvetica, sans-serif;\">(HR),<\/span> Juan Carlos Dur\u00e1n-\u00c1lvarez (MEX), Maja Ergovi\u0107 Ravan\u010di\u0107 <span style=\"font-size: 14pt; line-height: 150%; font-family: arial, helvetica, sans-serif;\">(HR)<\/span>, Mustafa Erhan (MK), Tihomir Florijan\u010di\u0107 <span style=\"font-size: 14pt; line-height: 150%; font-family: arial, helvetica, sans-serif;\">(HR)<\/span>, Dajana Ga\u0161o-Soka\u010d <span style=\"font-size: 14pt; line-height: 150%; font-family: arial, helvetica, sans-serif;\">(HR),<\/span> Ana Gavrilovi\u0107 <span style=\"font-size: 14pt; line-height: 150%; font-family: arial, helvetica, sans-serif;\">(HR),<\/span> Kre\u0161imir Grilec <span style=\"font-size: 14pt; line-height: 150%; font-family: arial, helvetica, sans-serif;\">(HR),<\/span> Jasmina Ibrahimpa\u0161i\u0107 (BiH), Lidija Jakobek Barron <span style=\"font-size: 14pt; line-height: 150%; font-family: arial, helvetica, sans-serif;\">(HR),<\/span> Stela Joki\u0107 <span style=\"font-size: 14pt; line-height: 150%; font-family: arial, helvetica, sans-serif;\">(HR),<\/span> Ivica Kelam <span style=\"font-size: 14pt; line-height: 150%; font-family: arial, helvetica, sans-serif;\">(HR)<\/span>, Ljiljana Krstin <span style=\"font-size: 14pt; line-height: 150%; font-family: arial, helvetica, sans-serif;\">(HR),<\/span> Tibela Landeka Dragi\u010devi\u0107 <span style=\"font-size: 14pt; line-height: 150%; font-family: arial, helvetica, sans-serif;\">(HR),<\/span> Anita Lali\u0107 (BiH), Hrvoje Lepedu\u0161 <span style=\"font-size: 14pt; line-height: 150%; font-family: arial, helvetica, sans-serif;\">(HR),<\/span> Zdenko Lon\u010dari\u0107 <span style=\"font-size: 14pt; line-height: 150%; font-family: arial, helvetica, sans-serif;\">(HR),<\/span> Dra\u017een Lu\u0161i\u0107 <span style=\"font-size: 14pt; line-height: 150%; font-family: arial, helvetica, sans-serif;\">(HR),<\/span>Snje\u017eana Majstorovi\u0107 <span style=\"font-size: 14pt; line-height: 150%; font-family: arial, helvetica, sans-serif;\">(HR),<\/span> Daniel Maestro (BiH), Helga Medi\u0107 <span style=\"font-size: 14pt; line-height: 150%; font-family: arial, helvetica, sans-serif;\">(HR),<\/span> Aysegul Pala (TR), Arzija Pa\u0161ali\u0107 (BiH), Oliver Pavlovi\u0107 <span style=\"font-size: 14pt; line-height: 150%; font-family: arial, helvetica, sans-serif;\">(HR),<\/span> Dragica Pavlovi\u0107 <span style=\"font-size: 14pt; line-height: 150%; font-family: arial, helvetica, sans-serif;\">(HR),<\/span> Ante Prki\u0107 <span style=\"font-size: 14pt; line-height: 150%; font-family: arial, helvetica, sans-serif;\">(HR),<\/span> Nikola Saka\u010d <span style=\"font-size: 14pt; line-height: 150%; font-family: arial, helvetica, sans-serif;\">(HR),<\/span> Svjetlana Stani\u0107-Ko\u0161troman <span style=\"font-size: 14pt; line-height: 150%; font-family: arial, helvetica, sans-serif;\">(HR),<\/span> Zvonimir Steiner <span style=\"font-size: 14pt; line-height: 150%; font-family: arial, helvetica, sans-serif;\">(HR),<\/span> Filip Stevi\u0107 <span style=\"font-size: 14pt; line-height: 150%; font-family: arial, helvetica, sans-serif;\">(HR),<\/span> Marija Stjepanovi\u0107 <span style=\"font-size: 14pt; line-height: 150%; font-family: arial, helvetica, sans-serif;\">(HR),<\/span> Mario \u0160iljeg <span style=\"font-size: 14pt; line-height: 150%; font-family: arial, helvetica, sans-serif;\">(HR),<\/span> Ivana Tomac <span style=\"font-size: 14pt; line-height: 150%; font-family: arial, helvetica, sans-serif;\">(HR),<\/span> Nata\u0161a Turi\u0107 <span style=\"font-size: 14pt; line-height: 150%; font-family: arial, helvetica, sans-serif;\">(HR),<\/span> Maja Turk-Sekuli\u0107 (SRB), Tanja \u017duna Pfeiffer<\/span> <span style=\"font-size: 14pt; line-height: 150%; font-family: arial, helvetica, sans-serif;\">(HR)<\/span><\/p>\n","protected":false},"excerpt":{"rendered":"<p>Organizacijski odbor Mirna Habuda-Stani\u0107 (predsjednica, HR), Hrvoje Ajman (HR), Meri\u00e7 Albay (TR), Jurislav Babi\u0107 (HR), Jakov Baleta (HR), Ivo Ba\u0161i\u0107 (HR), Sabina Begi\u0107 (BiH), Tomislav Bogdanovi\u0107 (HR), Irella Bogut (HR), Valentina Bu\u0161i\u0107 (HR), Amra Bratov\u010di\u0107 (BiH), Bruno Cvetkovi\u0107 (HR), Denis \u0106osi\u0107 (HR), Iva Dimitrievska (MK), Sa\u0161a Do\u0161en (HR), Verica Dragovic-Uzelac (HR), Ana \u0110ani\u0107 \u010ceko (HR), [&hellip;]<\/p>\n","protected":false},"author":1,"featured_media":0,"parent":0,"menu_order":0,"comment_status":"closed","ping_status":"closed","template":"","meta":{"_themeisle_gutenberg_block_has_review":false,"footnotes":""},"class_list":["post-490","page","type-page","status-publish","hentry"],"_links":{"self":[{"href":"https:\/\/www.ptfos.unios.hr\/isc_green\/index.php\/wp-json\/wp\/v2\/pages\/490","targetHints":{"allow":["GET"]}}],"collection":[{"href":"https:\/\/www.ptfos.unios.hr\/isc_green\/index.php\/wp-json\/wp\/v2\/pages"}],"about":[{"href":"https:\/\/www.ptfos.unios.hr\/isc_green\/index.php\/wp-json\/wp\/v2\/types\/page"}],"author":[{"embeddable":true,"href":"https:\/\/www.ptfos.unios.hr\/isc_green\/index.php\/wp-json\/wp\/v2\/users\/1"}],"replies":[{"embeddable":true,"href":"https:\/\/www.ptfos.unios.hr\/isc_green\/index.php\/wp-json\/wp\/v2\/comments?post=490"}],"version-history":[{"count":53,"href":"https:\/\/www.ptfos.unios.hr\/isc_green\/index.php\/wp-json\/wp\/v2\/pages\/490\/revisions"}],"predecessor-version":[{"id":1850,"href":"https:\/\/www.ptfos.unios.hr\/isc_green\/index.php\/wp-json\/wp\/v2\/pages\/490\/revisions\/1850"}],"wp:attachment":[{"href":"https:\/\/www.ptfos.unios.hr\/isc_green\/index.php\/wp-json\/wp\/v2\/media?parent=490"}],"curies":[{"name":"wp","href":"https:\/\/api.w.org\/{rel}","templated":true}]}}